{"id":238,"date":"2023-11-11T16:56:57","date_gmt":"2023-11-11T15:56:57","guid":{"rendered":"http:\/\/cultura.arqtgn.cat\/quienes-somos\/"},"modified":"2023-11-13T11:42:53","modified_gmt":"2023-11-13T10:42:53","slug":"objetivos","status":"publish","type":"page","link":"https:\/\/cultura.arqtgn.cat\/es\/objetivos\/","title":{"rendered":"Objetivos"},"content":{"rendered":"<p>[et_pb_section fb_built=\u00bb1&#8243; fullwidth=\u00bbon\u00bb next_background_color=\u00bb#ffffff\u00bb _builder_version=\u00bb4.21.0&#8243; _module_preset=\u00bbdefault\u00bb background_color=\u00bb#FFFFFF\u00bb background_image=\u00bbhttp:\/\/cultura.arqtgn.cat\/wp-content\/uploads\/sites\/121\/2023\/11\/som-2.jpg\u00bb bottom_divider_style=\u00bbarrow3&#8243; global_colors_info=\u00bb{}\u00bb][et_pb_fullwidth_header title=\u00bbObjetivos\u00bb _builder_version=\u00bb4.21.0&#8243; _module_preset=\u00bbdefault\u00bb title_font=\u00bb|800|||||||\u00bb title_text_align=\u00bbcenter\u00bb title_text_color=\u00bb#000000&#8243; title_font_size=\u00bb43px\u00bb background_enable_color=\u00bboff\u00bb custom_padding=\u00bb||114px|||\u00bb hover_enabled=\u00bb0&#8243; global_colors_info=\u00bb{}\u00bb sticky_enabled=\u00bb0&#8243;][\/et_pb_fullwidth_header][\/et_pb_section][et_pb_section fb_built=\u00bb1&#8243; _builder_version=\u00bb4.21.0&#8243; _module_preset=\u00bbdefault\u00bb global_colors_info=\u00bb{}\u00bb][et_pb_row _builder_version=\u00bb4.21.0&#8243; _module_preset=\u00bbdefault\u00bb global_colors_info=\u00bb{}\u00bb][et_pb_column type=\u00bb4_4&#8243; _builder_version=\u00bb4.21.0&#8243; _module_preset=\u00bbdefault\u00bb global_colors_info=\u00bb{}\u00bb][et_pb_text _builder_version=\u00bb4.21.0&#8243; _module_preset=\u00bbdefault\u00bb global_colors_info=\u00bb{}\u00bb]<\/p>\n<p>Contribuir a hacer m\u00e1s presente a la cultura cristiana en el \u00e1mbito eclesial y tambi\u00e9n en la sociedad, con una vocaci\u00f3n de preservaci\u00f3n del patrimonio cultural y difusi\u00f3n de sus valores y conocimientos, en el marco de un decidido esp\u00edritu evangelizador.<\/p>\n<p><p>Potenciar el di\u00e1logo Fe y Cultura porque su paradigma se encuentra en los mismos Evangelios de la misma forma en que Jes\u00fas anunciaba el Reino dialogante con sus contempor\u00e1neos. La cultura cristiana, en todos sus \u00e1mbitos: art\u00edstico, documental, hist\u00f3rico, de pensamiento (\u2026), posibilita la <em>v\u00eda pulchritudinis<\/em>, el camino hacia el descubrimiento y disfrute de la belleza que emana de Dios y la reflexi\u00f3n human\u00edstico-cristiana.<\/p>\n<p>[\/et_pb_text][\/et_pb_column][\/et_pb_row][\/et_pb_section]<\/p>\n","protected":false},"excerpt":{"rendered":"<p>Contribuir a hacer m\u00e1s presente a la cultura cristiana en el \u00e1mbito eclesial y tambi\u00e9n en la sociedad, con una vocaci\u00f3n de preservaci\u00f3n del patrimonio cultural y difusi\u00f3n de sus [&hellip;]<\/p>\n","protected":false},"author":59,"featured_media":0,"parent":0,"menu_order":0,"comment_status":"closed","ping_status":"closed","template":"","meta":{"_et_pb_use_builder":"on","_et_pb_old_content":"","_et_gb_content_width":"","footnotes":""},"class_list":["post-238","page","type-page","status-publish","hentry"],"amp_enabled":true,"_links":{"self":[{"href":"https:\/\/cultura.arqtgn.cat\/es\/wp-json\/wp\/v2\/pages\/238","targetHints":{"allow":["GET"]}}],"collection":[{"href":"https:\/\/cultura.arqtgn.cat\/es\/wp-json\/wp\/v2\/pages"}],"about":[{"href":"https:\/\/cultura.arqtgn.cat\/es\/wp-json\/wp\/v2\/types\/page"}],"author":[{"embeddable":true,"href":"https:\/\/cultura.arqtgn.cat\/es\/wp-json\/wp\/v2\/users\/59"}],"replies":[{"embeddable":true,"href":"https:\/\/cultura.arqtgn.cat\/es\/wp-json\/wp\/v2\/comments?post=238"}],"version-history":[{"count":11,"href":"https:\/\/cultura.arqtgn.cat\/es\/wp-json\/wp\/v2\/pages\/238\/revisions"}],"predecessor-version":[{"id":396,"href":"https:\/\/cultura.arqtgn.cat\/es\/wp-json\/wp\/v2\/pages\/238\/revisions\/396"}],"wp:attachment":[{"href":"https:\/\/cultura.arqtgn.cat\/es\/wp-json\/wp\/v2\/media?parent=238"}],"curies":[{"name":"wp","href":"https:\/\/api.w.org\/{rel}","templated":true}]}}