{"id":268,"date":"2023-11-11T17:11:23","date_gmt":"2023-11-11T16:11:23","guid":{"rendered":"http:\/\/cultura.arqtgn.cat\/servicios-delegaciones\/"},"modified":"2025-05-07T15:31:26","modified_gmt":"2025-05-07T13:31:26","slug":"servicios-delegaciones","status":"publish","type":"page","link":"https:\/\/cultura.arqtgn.cat\/es\/servicios-delegaciones\/","title":{"rendered":"Servicios delegaciones"},"content":{"rendered":"<p>[et_pb_section fb_built=\u00bb1&#8243; fullwidth=\u00bbon\u00bb next_background_color=\u00bb#ffffff\u00bb _builder_version=\u00bb4.21.0&#8243; _module_preset=\u00bbdefault\u00bb background_image=\u00bbhttps:\/\/cultura.arqtgn.cat\/wp-content\/uploads\/sites\/121\/2023\/11\/serveis-delegacions.jpg\u00bb bottom_divider_style=\u00bbarrow3&#8243; global_colors_info=\u00bb{}\u00bb][et_pb_fullwidth_header title=\u00bbServicios de Delegaciones\u00bb _builder_version=\u00bb4.21.0&#8243; _module_preset=\u00bbdefault\u00bb title_font=\u00bb|800|||||||\u00bb title_text_align=\u00bbcenter\u00bb title_text_color=\u00bb#000000&#8243; title_font_size=\u00bb43px\u00bb background_enable_color=\u00bboff\u00bb custom_padding=\u00bb||93px|||\u00bb global_colors_info=\u00bb{}\u00bb][\/et_pb_fullwidth_header][\/et_pb_section][et_pb_section fb_built=\u00bb1&#8243; _builder_version=\u00bb4.21.0&#8243; _module_preset=\u00bbdefault\u00bb global_colors_info=\u00bb{}\u00bb][et_pb_row column_structure=\u00bb1_5,3_5,1_5&#8243; _builder_version=\u00bb4.21.0&#8243; _module_preset=\u00bbdefault\u00bb global_colors_info=\u00bb{}\u00bb][et_pb_column type=\u00bb1_5&#8243; _builder_version=\u00bb4.21.0&#8243; _module_preset=\u00bbdefault\u00bb global_colors_info=\u00bb{}\u00bb][\/et_pb_column][et_pb_column type=\u00bb3_5&#8243; _builder_version=\u00bb4.21.0&#8243; _module_preset=\u00bbdefault\u00bb global_colors_info=\u00bb{}\u00bb][et_pb_accordion _builder_version=\u00bb4.27.4&#8243; _module_preset=\u00bbdefault\u00bb toggle_font=\u00bb|600|||||||\u00bb toggle_font_size=\u00bb17px\u00bb body_line_height=\u00bb1.5em\u00bb hover_enabled=\u00bb0&#8243; global_colors_info=\u00bb{}\u00bb sticky_enabled=\u00bb0&#8243;][et_pb_accordion_item title=\u00bbSu t\u00edtulo va aqu\u00ed\u00bb open=\u00bbon\u00bb _builder_version=\u00bb4.27.4&#8243; _module_preset=\u00bbdefault\u00bb custom_css_main_element=\u00bbdisplay:none;\u00bb global_colors_info=\u00bb{}\u00bb][\/et_pb_accordion_item][et_pb_accordion_item title=\u00bbArchivo Hist\u00f3rico Archidiocesano de Tarragona \u00bb _builder_version=\u00bb4.27.4&#8243; _module_preset=\u00bbdefault\u00bb hover_enabled=\u00bb0&#8243; global_colors_info=\u00bb{}\u00bb open=\u00bboff\u00bb sticky_enabled=\u00bb0&#8243;]<\/p>\n<p><img loading=\"lazy\" decoding=\"async\" class=\"wp-image-149 alignnone size-full\" style=\"margin-left: auto;margin-right: auto\" src=\"http:\/\/cultura.arqtgn.cat\/wp-content\/uploads\/sites\/121\/2023\/11\/logo-AHATv.jpg\" alt=\"\" width=\"140\" height=\"125\" \/><\/p>\n<p style=\"text-align: justify\">El 9 de febrero de 1920, el dr. Francesc Ass\u00eds Vidal i Barraquer determin\u00f3 la creaci\u00f3n de un archivo diocesano, donde se guardaran todos los documentos hist\u00f3ricos y manuales antiguos del Archivo de la Provincia de Tarraconense, de la Mesa Arzobispal, de la Secretar\u00eda de C\u00e1mara, de la Curia Eclesi\u00e1stica y de los archivos parroquiales de toda la archidi\u00f3cesis.<\/p>\n<p>Mn. Albert Viciano Vives, <em>director<\/em><br \/>Joan Quijada Bosch,<em>t\u00e9cnico<br \/><\/em>Rosalia Gras Minguella, administrativa<\/p>\n<p><strong>Tel.<\/strong> 977 253 360<br \/><strong>a\/e:<\/strong> <a href=\"mailto:arxiu.historic@arqtgn.cat\">arxiu.historic@arqtgn.cat<\/a><br \/><strong>Web:<\/strong> <a href=\"http:\/\/www.ahat.cat\">http:\/\/www.ahat.cat<\/a><\/p>\n<p>[\/et_pb_accordion_item][et_pb_accordion_item title=\u00bbBiblioteca del Seminario Pontificio de Tarragona \u00bb _builder_version=\u00bb4.27.4&#8243; _module_preset=\u00bbdefault\u00bb hover_enabled=\u00bb0&#8243; global_colors_info=\u00bb{}\u00bb open=\u00bboff\u00bb sticky_enabled=\u00bb0&#8243;]<\/p>\n<p><span lang=\"CA\"><img loading=\"lazy\" decoding=\"async\" class=\"wp-image-151 alignnone size-full\" style=\"margin-left: auto;margin-right: auto\" src=\"http:\/\/cultura.arqtgn.cat\/wp-content\/uploads\/sites\/121\/2023\/11\/Biblioteca_seminari-1.jpg\" alt=\"\" width=\"100\" height=\"125\" \/><\/span><\/p>\n<p style=\"text-align: justify\"><span lang=\"CA\">La Biblioteca del Seminario Pontificio de Tarragona tiene una historia muy rica que se remonta al a\u00f1o 1595 cuando formaba parte de la<i>Universitas Tarraconensis<\/i>. Hoy totalmente modernizada est\u00e1 especializada en bibliograf\u00eda de tem\u00e1tica religiosa. Es un espacio preparado para el estudio o trabajo individual, y es de acceso libre y abierto a todo el mundo.. La Biblioteca tambi\u00e9n facilita informaci\u00f3n bibliogr\u00e1fica y orienta al usuario en su b\u00fasqueda de acuerdo con las necesidades de informaci\u00f3n. El usuario tiene a su disposici\u00f3n un terminal de libre acceso para consultar el cat\u00e1logo automatizado. La Biblioteca est\u00e1 tambi\u00e9n vinculada al Instituto Superior de Ciencias Religiosas San Fructuoso (INSAF) que es la instituci\u00f3n acad\u00e9mica universitaria del Arzobispado de Tarragona. La biblioteca del Seminario Pontificio de Tarragona, dada la importancia de los textos antiguos que contiene, participa en el Cat\u00e1logo Colectivo del Patrimonio Bibliogr\u00e1fico existente en Catalu\u00f1a y en el Estado espa\u00f1ol.<\/span><\/p>\n<p>Mn. Albert Viciano Vives, <em>director<br \/><\/em>M\u00f2nica Pineda Arjona, <em>t\u00e9cnica<br \/><\/em>Gemma Mart\u00edn Castarlenas, a<em>uxiliar de biblioteca<\/em><\/p>\n<p><strong>Web:<\/strong> <a href=\"http:\/\/www.bspt.cat\">http:\/\/www.bspt.cat<\/a><\/p>\n<p>[\/et_pb_accordion_item][et_pb_accordion_item title=\u00bbGrupo de pensamiento cristiano\u00bb _builder_version=\u00bb4.24.0&#8243; _module_preset=\u00bbdefault\u00bb global_colors_info=\u00bb{}\u00bb open=\u00bboff\u00bb]<\/p>\n<p style=\"text-align: justify\">El Grupo de opini\u00f3n y pensamiento cristiano del Arzobispado de Tarragona est\u00e1 formado por profesionales cristianos del \u00e1mbito de la cultura, la ense\u00f1anza y la ciencia que reflexionan sobre las grandes cuestiones del di\u00e1logo Fe-Cultura. Hacen presentes sus reflexiones a trav\u00e9s de publicaciones, charlas y otras actividades de transferencia.<\/p>\n<p><em>Responsables:<\/em><strong><br \/><\/strong>Maria Dolors Sard\u00e0 Lozano<br \/>Sergio Nasarre Aznar<\/p>\n<p>[\/et_pb_accordion_item][et_pb_accordion_item title=\u00bbLibreria del Arzobispado de Tarragona\u00bb _builder_version=\u00bb4.27.4&#8243; _module_preset=\u00bbdefault\u00bb global_colors_info=\u00bb{}\u00bb open=\u00bboff\u00bb]<\/p>\n<p style=\"text-align: justify\">La Librer\u00eda del Arzobispado de Tarragona cuida de exponer y orientar sobre publicaciones y materiales impresos, principalmente de car\u00e1cter cristiano. La Librer\u00eda ubicada en el Palau Arquebisbal pone a la venta las principales novedades bibliogr\u00e1ficas y otros art\u00edculos religiosos de regalo y lit\u00fargicos.<\/p>\n<p>Marcel Pallej\u00e0 Blay, <em>Director<br \/><\/em>Montserrat Estebanell Salas, <em>Responsable de la tienda<\/em><\/p>\n<p><strong>Tel.<\/strong> 977 279 216<br \/><strong>c\/e:<\/strong> <a href=\"mailto:llibreria@arqtgn.cat\">llibreria@arqtgn.cat<\/a><br \/><strong>Web:<\/strong> <a href=\"https:\/\/www.arquebisbattarragona.cat\/publicacions-i-premsa\/llibreria-arquebisbat\">https:\/\/www.arquebisbattarragona.cat\/publicacions-i-premsa\/llibreria-arquebisbat<\/a><\/p>\n<p>[\/et_pb_accordion_item][et_pb_accordion_item title=\u00bbMuseo Diocesano de Tarragona \u00bb _builder_version=\u00bb4.21.0&#8243; _module_preset=\u00bbdefault\u00bb global_colors_info=\u00bb{}\u00bb open=\u00bboff\u00bb]<\/p>\n<p><img loading=\"lazy\" decoding=\"async\" src=\"http:\/\/cultura.arqtgn.cat\/wp-content\/uploads\/sites\/121\/2023\/11\/IconaMuseu-300x248-1.jpg\" width=\"157\" height=\"130\" alt=\"\" class=\"wp-image-153 alignnone size-full\" style=\"margin-left: auto;margin-right: auto\" \/><\/p>\n<p style=\"text-align: justify\">En 1914 el arzobispo Antol\u00edn L\u00f3pez Pel\u00e1ez fund\u00f3 el Museo Diocesano, instalado al inicio en unas dependencias del sector NE del claustro de la Catedral, con obras de arte religioso de diversas procedencias y con donaciones hechas por el mismo arzobispo L\u00f3pez Pel\u00e1ez, el cap\u00edtulo catedralicio, las parroquias de la di\u00f3cesis, congregaciones religiosas y personas particulares, as\u00ed como tambi\u00e9n con la adquisici\u00f3n y compra de otros bienes. Los fondos fueron enriquecidos a lo largo de las prelaturas posteriores.<\/p>\n<p style=\"text-align: justify\">El acceso del p\u00fablico a las salas del Museo se realiza de forma conjunta con el conjunto catedralicio. As\u00ed se origina una suerte de modesto ecosistema muse\u00edstico, con el que la arqueolog\u00eda y las artes se incorporan al paisaje vivo de la Catedral, el claustro y los jardines.<\/p>\n<p>Andreu Mu\u00f1oz Melgar, <em>Director<br \/><\/em>M\u00edriam Ramon Mas, c<em>onservadora<\/em><\/p>\n<p><strong>c\/e:<\/strong> <a href=\"mailto:museu.diocesa@arqtgn.cat\">museu.diocesa@arqtgn.cat<\/a><br \/><strong>Web:<\/strong> <a href=\"http:\/\/museu.diocesa.arqtgn.cat\">http:\/\/museu.diocesa.arqtgn.cat<\/a><\/p>\n<p>[\/et_pb_accordion_item][et_pb_accordion_item title=\u00bbMuseo B\u00edblico Tarraconense \u00bb _builder_version=\u00bb4.21.0&#8243; _module_preset=\u00bbdefault\u00bb global_colors_info=\u00bb{}\u00bb open=\u00bboff\u00bb]<\/p>\n<p><img loading=\"lazy\" decoding=\"async\" src=\"http:\/\/cultura.arqtgn.cat\/wp-content\/uploads\/sites\/121\/2023\/11\/logo-MBT-300x115-1.jpg\" width=\"243\" height=\"93\" alt=\"\" class=\"wp-image-155 alignnone size-full\" style=\"margin-left: auto;margin-right: auto\" \/><\/p>\n<p style=\"text-align: justify\">El Museo B\u00edblico Tarraconense tiene como objetivo transferir la cultura b\u00edblica y sus valores a la Iglesia ya la sociedad a trav\u00e9s de un museo ubicado en la hist\u00f3rica Casa de los Concilios junto a la Catedral de Tarragona.<\/p>\n<p>Andreu Mu\u00f1oz Melgar, <em>Director<br \/><\/em>M\u00edriam Ramon Mas, <em>conservadora<\/em><\/p>\n<p><strong>Tel.<\/strong> 977 251 888<br \/><strong>c\/e:<\/strong> <a href=\"mailto:museu.biblic@arqtgn.cat\">museu.biblic@arqtgn.cat<\/a><br \/><strong>Web:<\/strong> <a href=\"http:\/\/museu.biblic.arqtgn.cat\">http:\/\/museu.biblic.arqtgn.cat<\/a><\/p>\n<p>[\/et_pb_accordion_item][et_pb_accordion_item title=\u00bbSecretariado del di\u00e1logo interreligioso\u00bb _builder_version=\u00bb4.21.0&#8243; _module_preset=\u00bbdefault\u00bb global_colors_info=\u00bb{}\u00bb open=\u00bboff\u00bb]<\/p>\n<p style=\"text-align: justify\">El Secretariado vela y promueve el di\u00e1logo interreligioso en nuestra archidi\u00f3cesis como el proceso de acercamiento, conocimiento mutuo y colaboraci\u00f3n entre nuestra Iglesia y los distintos grupos religiosos establecidos en nuestro territorio.<\/p>\n<p>Mn. Marcus Vinicius Teixeira Ara\u00fajo, <em>Director<br \/><\/em><strong>c\/e:<\/strong> <a href=\"mailto:religions@arqtgn.cat\">religions@arqtgn.cat<\/a><\/p>\n<p>[\/et_pb_accordion_item][et_pb_accordion_item title=\u00bbSecretariado diocesano de M\u00fasica Sacra\u00bb _builder_version=\u00bb4.21.0&#8243; _module_preset=\u00bbdefault\u00bb global_colors_info=\u00bb{}\u00bb open=\u00bboff\u00bb]<\/p>\n<p style=\"text-align: justify\">El Secretariado vela por la conservaci\u00f3n, difusi\u00f3n, animaci\u00f3n e investigaci\u00f3n de la M\u00fasica Sacra en todos los campos pastorales de nuestra archidi\u00f3cesis (cultural, de ense\u00f1anza, lit\u00fargica\u2026)<\/p>\n<p>Mn. Jaume Gen\u00e9 Nolla, <em>Director<br \/><\/em><strong>c\/e:<\/strong> <a href=\"mailto:musicasacra@arqtgn.cat\">musicasacra@arqtgn.cat<\/a><\/p>\n<p>[\/et_pb_accordion_item][et_pb_accordion_item title=\u00bbSecretar\u00eda t\u00e9cnica para el patrimonio inmueble\u00bb _builder_version=\u00bb4.27.4&#8243; _module_preset=\u00bbdefault\u00bb global_colors_info=\u00bb{}\u00bb open=\u00bboff\u00bb]<\/p>\n<p style=\"text-align: justify\">Son considerados bienes inmuebles todos los elementos que puedan considerarse consustanciales con los edificios y formen parte o sean parte de su entorno. Estos son monumentos; jard\u00edn hist\u00f3rico; conjunto hist\u00f3rico; sitio hist\u00f3rico y zona arqueol\u00f3gica. La Secretar\u00eda t\u00e9cnica vela por el inventario, catalogaci\u00f3n y conservaci\u00f3n de este patrimonio y orienta sobre sus acciones.<\/p>\n<p>Roser Mart\u00edn Estepa, <em>responsable<br \/><\/em><strong>Tel.<\/strong> 977 23 34 12 <strong>ext.<\/strong> 260<em><br \/><\/em><strong>c\/e:<\/strong> <a href=\"mailto:rmartin@arqtgn.cat\">rmartin@arqtgn.cat<\/a><\/p>\n<p>[\/et_pb_accordion_item][et_pb_accordion_item title=\u00bbSecretar\u00eda t\u00e9cnica para el patrimonio mueble\u00bb _builder_version=\u00bb4.27.4&#8243; _module_preset=\u00bbdefault\u00bb global_colors_info=\u00bb{}\u00bb open=\u00bboff\u00bb]<\/p>\n<p style=\"text-align: justify\">Se consideran bienes muebles los susceptibles de apropiaci\u00f3n que no sean considerados inmuebles, y en general cuantos puedan transportarse de un lugar a otro sin detrimento de la cosa inmueble a la que est\u00e9n unidos. Por ejemplo, objetos, en cualquier g\u00e9nero art\u00edstico (pintura, escultura, miniatura, orfebrer\u00eda, xilograf\u00eda, numism\u00e1tica), que tienen valor cultural. La Secretar\u00eda t\u00e9cnica vela por el inventario, catalogaci\u00f3n y conservaci\u00f3n de este patrimonio y orienta sobre sus acciones.<\/p>\n<p>Marta Serrano Coll, <em>responsable<br \/><\/em><strong>Tel.<\/strong> 977 23 34 12 <strong>ext.<\/strong> 264<em><br \/><\/em><strong>c\/e:<\/strong> <a href=\"mailto:patrimoni.moble@arqtgn.cat\">patrimoni.moble@arqtgn.cat<\/a><\/p>\n<p>[\/et_pb_accordion_item][et_pb_accordion_item title=\u00bbComisi\u00f3n Diocesana de Patrimonio Cultural del Arzobispado de Tarragona\u00bb _builder_version=\u00bb4.27.4&#8243; _module_preset=\u00bbdefault\u00bb global_colors_info=\u00bb{}\u00bb open=\u00bboff\u00bb]<\/p>\n<p>La Comisi\u00f3n Diocesana del Patrimonio Cultural cuidar\u00e1 de todo el patrimonio sacro: arquitect\u00f3nico, arqueol\u00f3gico, muse\u00edstico, documental, bibliogr\u00e1fico y mueble art\u00edstico de propiedad eclesi\u00e1stica del Arzobispado de Tarragona o que tenga su custodia por cualquier derecho, en tanto que, por sus valores est\u00e9ticos, hist\u00f3ricos o representativos, merecen la calificaci\u00f3n de bienes bienes, tienen la obligaci\u00f3n de informar a la Comisi\u00f3n sobre cualquier circunstancia que afecten a dichos bienes en un sentido de conservaci\u00f3n, restauraci\u00f3n, incremento o enajenaci\u00f3n. A su vez, la Comisi\u00f3n asesorar\u00e1 a los rectores, otros preveres y administradores de la archidi\u00f3cesis en todo lo referente al patrimonio sacro.<\/p>\n<p><strong>Miembros que integran la Comisi\u00f3n:<\/strong><\/p>\n<p>Sr. Andreu Mu\u00f1oz Melgar, <em>delegado para la Cultura y director de los Museos Diocesanos (presidente de la Comisi\u00f3n).<\/em><br \/>Sr. Josep Poblet Tous, <em>asesor Delegaci\u00f3n para la Cultura<\/em>.<br \/>Mn. Antoni P. Mart\u00ednez Sub\u00edas, <em>asesor de patrimonio art\u00edstico de la Delegaci\u00f3n para la cultura y can\u00f3nigo responsable del patrimonio art\u00edstico y documental del Cap\u00edtulo de la Catedral.<\/em><br \/>Sra. M\u00f2nica Pineda Arjona, <em>t\u00e9cnica de la Biblioteca del Seminario.<\/em><br \/>Sr. Joan Maria Quijada Bosch, <em>t\u00e9cnico Archivo Hist\u00f3rico Archidiocesano de Tarragona.<\/em><br \/>Sra. Roser Mart\u00edn Estepa,<em> responsable de la Secretar\u00eda T\u00e9cnica para el Patrimonio.<\/em><br \/>Sra. Marta Serrano Coll, <em>responsable de la Secretar\u00eda T\u00e9cnica para el Patrimonio.<\/em><br \/>Sr. Sergio Nasarre Aznar, <em>miembro Grupo pensamiento Cristiano.<\/em><br \/>Sra. M\u00edriam Ramon Mas,<em> t\u00e9cnica de los Museos Diocesanos y Directora del Secretariado de pastoral del turismo.<\/em><br \/>Mn. Xavier Roig Rovira, <em>delegado diocesano para la liturgia.<\/em><br \/>Neus S\u00e0nchez Pi\u00e9,<em> t\u00e9cnica Archivo Hist\u00f3rico Archidiocesano de Tarragona.<\/em><\/p>\n<p>[\/et_pb_accordion_item][et_pb_accordion_item title=\u00bbSecretariado de pastoral del turismo\u00bb _builder_version=\u00bb4.21.0&#8243; _module_preset=\u00bbdefault\u00bb global_colors_info=\u00bb{}\u00bb open=\u00bboff\u00bb]<\/p>\n<p style=\"text-align: justify\">El prop\u00f3sito central de la pastoral del turismo es el de suscitar aquellas condiciones \u00f3ptimas que ayuden al cristiano a vivir la realidad del turismo como momento de gracia y salvaci\u00f3n. Tambi\u00e9n ofrece al turista la acogida cristiana y hospitalidad. As\u00ed, se ofrece testimonio y colaboraci\u00f3n para promover los valores humanos y espirituales que el turismo puede favorecer.<\/p>\n<p>Jordi Folch Ras i M\u00edriam Ramon Mas, <em>Directores<br \/><\/em><strong>c\/e:<\/strong> <a href=\"mailto:religiositat@arqtgn.cat\">religiositat@arqtgn.cat<\/a> \u2014 <a href=\"mailto:turisme@arqtgn.cat\">turisme@arqtgn.cat<\/a><\/p>\n<p>[\/et_pb_accordion_item][\/et_pb_accordion][\/et_pb_column][et_pb_column type=\u00bb1_5&#8243; _builder_version=\u00bb4.21.0&#8243; _module_preset=\u00bbdefault\u00bb global_colors_info=\u00bb{}\u00bb][\/et_pb_column][\/et_pb_row][\/et_pb_section]<\/p>\n","protected":false},"excerpt":{"rendered":"<p>El 9 de febrero de 1920, el dr. Francesc Ass\u00eds Vidal i Barraquer determin\u00f3 la creaci\u00f3n de un archivo diocesano, donde se guardaran todos los documentos hist\u00f3ricos y manuales antiguos [&hellip;]<\/p>\n","protected":false},"author":59,"featured_media":0,"parent":0,"menu_order":0,"comment_status":"closed","ping_status":"closed","template":"","meta":{"_et_pb_use_builder":"on","_et_pb_old_content":"","_et_gb_content_width":"","footnotes":""},"class_list":["post-268","page","type-page","status-publish","hentry"],"amp_enabled":true,"_links":{"self":[{"href":"https:\/\/cultura.arqtgn.cat\/es\/wp-json\/wp\/v2\/pages\/268","targetHints":{"allow":["GET"]}}],"collection":[{"href":"https:\/\/cultura.arqtgn.cat\/es\/wp-json\/wp\/v2\/pages"}],"about":[{"href":"https:\/\/cultura.arqtgn.cat\/es\/wp-json\/wp\/v2\/types\/page"}],"author":[{"embeddable":true,"href":"https:\/\/cultura.arqtgn.cat\/es\/wp-json\/wp\/v2\/users\/59"}],"replies":[{"embeddable":true,"href":"https:\/\/cultura.arqtgn.cat\/es\/wp-json\/wp\/v2\/comments?post=268"}],"version-history":[{"count":20,"href":"https:\/\/cultura.arqtgn.cat\/es\/wp-json\/wp\/v2\/pages\/268\/revisions"}],"predecessor-version":[{"id":2663,"href":"https:\/\/cultura.arqtgn.cat\/es\/wp-json\/wp\/v2\/pages\/268\/revisions\/2663"}],"wp:attachment":[{"href":"https:\/\/cultura.arqtgn.cat\/es\/wp-json\/wp\/v2\/media?parent=268"}],"curies":[{"name":"wp","href":"https:\/\/api.w.org\/{rel}","templated":true}]}}