{"id":529,"date":"2023-12-13T17:03:52","date_gmt":"2023-12-13T16:03:52","guid":{"rendered":"http:\/\/cultura.arqtgn.cat\/transparencia\/proteccion-de-datos\/"},"modified":"2023-12-13T17:31:40","modified_gmt":"2023-12-13T16:31:40","slug":"proteccion-de-datos","status":"publish","type":"page","link":"https:\/\/cultura.arqtgn.cat\/es\/transparencia\/proteccion-de-datos\/","title":{"rendered":"Protecci\u00f3n de datos"},"content":{"rendered":"<p>[et_pb_section fb_built=\u00bb1&#8243; fullwidth=\u00bbon\u00bb _builder_version=\u00bb4.23.1&#8243; _module_preset=\u00bbdefault\u00bb global_colors_info=\u00bb{}\u00bb][et_pb_fullwidth_header title=\u00bbProtecci\u00f3n de datos\u00bb _builder_version=\u00bb4.23.1&#8243; _module_preset=\u00bbdefault\u00bb title_font_size=\u00bb34px\u00bb hover_enabled=\u00bb0&#8243; global_colors_info=\u00bb{}\u00bb background_enable_color=\u00bboff\u00bb title_text_color=\u00bb#0C71C3&#8243; custom_padding=\u00bb||0px||false|false\u00bb custom_margin=\u00bb0px||||false|false\u00bb content_font=\u00bb|600|||||||\u00bb title_font=\u00bb|600|||||||\u00bb sticky_enabled=\u00bb0&#8243;][\/et_pb_fullwidth_header][\/et_pb_section][et_pb_section fb_built=\u00bb1&#8243; _builder_version=\u00bb4.23.1&#8243; _module_preset=\u00bbdefault\u00bb global_colors_info=\u00bb{}\u00bb][et_pb_row _builder_version=\u00bb4.23.1&#8243; _module_preset=\u00bbdefault\u00bb global_colors_info=\u00bb{}\u00bb][et_pb_column type=\u00bb4_4&#8243; _builder_version=\u00bb4.23.1&#8243; _module_preset=\u00bbdefault\u00bb global_colors_info=\u00bb{}\u00bb][et_pb_text _builder_version=\u00bb4.23.1&#8243; _module_preset=\u00bbdefault\u00bb global_colors_info=\u00bb{}\u00bb]<\/p>\n<p>Al ARQUEBISBAT DE TARRAGONA le hemos solicitado que nos comunique algunos de sus datos personales para poder dar curso a la relaci\u00f3n que mantenemos ambas partes, y para poder realizar otras tareas relacionadas. Tal como establece el Reglamento General de Protecci\u00f3n de Datos, desde nuestra entidad le ofrecemos la siguiente informaci\u00f3n detallada acerca de nuestra Pol\u00edtica de Privacidad y Protecci\u00f3n de Datos:<\/p>\n<p><strong>\u00bfQui\u00e9n es el responsable del tratamiento de sus datos?<\/strong><\/p>\n<table>\n<tbody>\n<tr>\n<td style=\"text-align: left;\"><strong>Raz\u00f3n social:<\/strong><\/td>\n<td style=\"text-align: left;\">ARQUEBISBAT DE TARRAGONA<\/td>\n<\/tr>\n<tr>\n<td style=\"text-align: left;\"><strong>CIF:<\/strong><\/td>\n<td style=\"text-align: left;\">R4300001G<\/td>\n<\/tr>\n<tr>\n<td style=\"text-align: left;\"><strong>Direcci\u00f3n:<\/strong><\/td>\n<td style=\"text-align: left;\">PLA DE PALAU, 2<br \/>43003 TARRAGONA<\/td>\n<\/tr>\n<tr>\n<td style=\"text-align: left;\"><strong>DPD:<\/strong><\/td>\n<td style=\"text-align: left;\">Mn. Albert Fortuny<\/td>\n<\/tr>\n<tr>\n<td style=\"text-align: left;\"><strong>Tel\u00e9fono:<\/strong><\/td>\n<td style=\"text-align: left;\">977 233412<\/td>\n<\/tr>\n<tr>\n<td style=\"text-align: left;\"><strong>c\/e:<\/strong><\/td>\n<td style=\"text-align: left;\"><a style=\"color: #f97352;\" href=\"mailto:dpd@arqtgn.cat\">dpd@arqtgn.cat<\/a><\/td>\n<\/tr>\n<\/tbody>\n<\/table>\n<p><strong>\u00bfCon qu\u00e9 finalidad tratamos sus datos personales?<br \/><\/strong>En ARQUEBISBAT DE TARRAGONA tratamos sus datos personales con la finalidad de gestionar la relaci\u00f3n establecida entre Vd. y nuestra entidad. Con la finalidad de mejorar y facilitar esta relaci\u00f3n y su propia gesti\u00f3n, cabe la posibilidad de que generemos con sus datos alg\u00fan tipo de perfil que se estime conveniente para la citada finalidad. En ning\u00fan caso se tomar\u00e1n decisiones automatizadas en base a dicho perfil.<\/p>\n<p><strong>\u00bfPor cu\u00e1nto tiempo conservaremos sus datos?<br \/><\/strong>ARQUEBISBAT DE TARRAGONA conservar\u00e1 sus datos mientras permanezca en vigor la relaci\u00f3n establecida entre ambas partes. Una vez \u00e9sta se extinga, nuestra organizaci\u00f3n conservar\u00e1 sus datos mientras existan obligaciones legales que nos obliguen a ello. Una vez prescritos estos plazos legales, su informaci\u00f3n se cancelar\u00e1.<\/p>\n<p><strong>\u00bfCu\u00e1l es la legitimaci\u00f3n para el tratamiento de sus datos?<br \/><\/strong>Las bases legales que legitiman el tratamiento de sus datos por parte de nuestra organizaci\u00f3n son:<\/p>\n<ul style=\"list-style-type: disc;\">\n<li>El tratamiento es necesario para la ejecuci\u00f3n de un contrato en el que el interesado es parte o para la aplicaci\u00f3n a petici\u00f3n de este de medidas precontractuales.<\/li>\n<li>El tratamiento es necesario para el cumplimiento de una obligaci\u00f3n legal aplicable al responsable del tratamiento.<\/li>\n<\/ul>\n<p><strong>\u00bfA qu\u00e9 destinatarios se comunicar\u00e1n sus datos?<br \/><\/strong>\u00danicamente cedemos sus datos a entidades y\/o profesionales que colaboran con nosotros de acuerdo con las bases legales que legitiman el tratamiento y que hemos relacionado en el anterior apartado. No existe otro tipo de cesi\u00f3n de datos ni siquiera a efectos de conservaci\u00f3n.<\/p>\n<p><strong>\u00bfCu\u00e1les son sus derechos cuando nos facilita sus datos?<br \/><\/strong>Vd. o cualquier otra persona tiene derecho a obtener confirmaci\u00f3n sobre si en ARQUEBISBAT DE TARRAGONA estamos tratando datos personales que les conciernan, o no. Las personas interesadas tienen derecho a acceder a sus datos personales, as\u00ed como a solicitar la rectificaci\u00f3n de los datos inexactos o, en su caso, solicitar su supresi\u00f3n cuando, entre otros motivos, los datos ya no sean necesarios para los fines que fueron recogidos. En determinadas circunstancias, los interesados podr\u00e1n solicitar la limitaci\u00f3n del tratamiento de sus datos, en cuyo caso \u00fanicamente los conservaremos para el ejercicio o la defensa de reclamaciones. En determinadas circunstancias y por motivos relacionados con su situaci\u00f3n particular, los interesados podr\u00e1n oponerse al tratamiento de sus datos. ARQUEBISBAT DE TARRAGONA dejar\u00e1 de tratar los datos, salvo por motivos leg\u00edtimos imperiosos, o el ejercicio o la defensa de posibles reclamaciones.<\/p>\n<p>La solicitud de ejercicio de derechos debe acompa\u00f1arse de una copia del DNI o documento acreditativo equivalente.<\/p>\n<p>En caso de que sienta vulnerados sus derechos en lo concerniente a la protecci\u00f3n de sus datos personales, especialmente cuando no haya obtenido satisfacci\u00f3n en el ejercicio de sus derechos, puede presentar una reclamaci\u00f3n ante la Autoridad de Control en materia de Protecci\u00f3n de Datos competente a trav\u00e9s de su sitio web: <a href=\"http:\/\/www.agpd.es\" target=\"_blank\" rel=\"noopener noreferrer\">www.agpd.es<\/a>.<\/p>\n<p><strong>\u00bfC\u00f3mo hemos obtenido sus datos?<br \/><\/strong>Los datos personales que tratamos en ARQUEBISBAT DE TARRAGONA nos las ha proporcionado Vd. libremente y proceden de varias fuentes todas directamente relacionadas con la prestaci\u00f3n de los servicios que nos ha solicitado que le prestemos y para el normal mantenimiento de una comunicaci\u00f3n fluida entre ambas partes.<br \/>Las categor\u00edas de datos que se tratan son:<\/p>\n<p><em>Identificativos:<\/em><\/p>\n<ul>\n<li>Nombre y Apellidos.<\/li>\n<li>Direcci\u00f3n postal.<\/li>\n<li>DNI \/ NIF \/ CIF.<\/li>\n<li>Tel\u00e9fonos.<\/li>\n<li>Direcci\u00f3n de correo electr\u00f3nico.<\/li>\n<li>Firma.<\/li>\n<\/ul>\n<p><em>Datos bancarios:<\/em><\/p>\n<p>Todos los necesarios para la gesti\u00f3n y\/o domiciliaci\u00f3n de cobros y pagos, como n\u00famero de cuenta bancaria, tarjetas de cr\u00e9dito\/ d\u00e9bito, medios de pago electr\u00f3nicos y\/o virtuales y otros medios de pago.<\/p>\n<p><em>Categor\u00edas de datos especiales:<\/em><\/p>\n<ul>\n<li>No se tratan categor\u00edas especiales.<\/li>\n<\/ul>\n<p><em>Otros tipos de datos:<\/em><\/p>\n<ul>\n<li>Transacciones de bienes y servicios: Bienes y servicios suministrados y\/o recibidos por el afectado. Transacciones financieras, compensaciones, indemnizaciones.<\/li>\n<li>Econ\u00f3micos financieros y de seguros: Ingresos, rentas, inversiones, bienes patrimoniales, cr\u00e9ditos, prestamos, avales, planes de pensiones, jubilaci\u00f3n, datos econ\u00f3micos de n\u00f3mina.<\/li>\n<\/ul>\n<p>No se tratan datos especialmente protegidos.<\/p>\n<p><em><strong>Departamento de Protecci\u00f3n de Datos de la Conferencia Episcopal Espa\u00f1ola<br \/><\/strong><\/em>Para ejercer cualquier intervenci\u00f3n en relaci\u00f3n a los datos contenidos por Conferencia Episcopal Espa\u00f1ola, se facilitan los datos de contacto:<\/p>\n<p>Delegado de Protecci\u00f3n de Datos de la Conferencia Episcopal Espa\u00f1ola<br \/>dpo@conferenciaepiscopal.es<br \/>Carrer de A\u00f1astro, 1<br \/>28033 &#8211; Madrid<\/p>\n<p>Para conocer el texto \u00edntegro del Decreto General de la Conferencia Episcopal Espa\u00f1ola sobre Protecci\u00f3n de Datos de la Iglesia Cat\u00f3lica en Espa\u00f1a, as\u00ed como el Decreto de la Congregaci\u00f3n de obispos que ha realizado la <em>recognitio<\/em>,puede descargar el pdf en <a href=\"https:\/\/www.arquebisbattarragona.cat\/wp-content\/uploads\/2020\/04\/cdi_1164_decreto_general_de_proteccin_de_datos_para_la_iglesia_catlica_en_espaa.pdf\" target=\"_blank\" rel=\"noopener noreferrer\">este enlace<\/a>.<\/p>\n<p>[\/et_pb_text][\/et_pb_column][\/et_pb_row][\/et_pb_section]<\/p>\n","protected":false},"excerpt":{"rendered":"<p>Al ARQUEBISBAT DE TARRAGONA le hemos solicitado que nos comunique algunos de sus datos personales para poder dar curso a la relaci\u00f3n que mantenemos ambas partes, y para poder realizar [&hellip;]<\/p>\n","protected":false},"author":59,"featured_media":0,"parent":524,"menu_order":0,"comment_status":"closed","ping_status":"closed","template":"","meta":{"_et_pb_use_builder":"on","_et_pb_old_content":"","_et_gb_content_width":"","footnotes":""},"class_list":["post-529","page","type-page","status-publish","hentry"],"amp_enabled":true,"_links":{"self":[{"href":"https:\/\/cultura.arqtgn.cat\/es\/wp-json\/wp\/v2\/pages\/529","targetHints":{"allow":["GET"]}}],"collection":[{"href":"https:\/\/cultura.arqtgn.cat\/es\/wp-json\/wp\/v2\/pages"}],"about":[{"href":"https:\/\/cultura.arqtgn.cat\/es\/wp-json\/wp\/v2\/types\/page"}],"author":[{"embeddable":true,"href":"https:\/\/cultura.arqtgn.cat\/es\/wp-json\/wp\/v2\/users\/59"}],"replies":[{"embeddable":true,"href":"https:\/\/cultura.arqtgn.cat\/es\/wp-json\/wp\/v2\/comments?post=529"}],"version-history":[{"count":2,"href":"https:\/\/cultura.arqtgn.cat\/es\/wp-json\/wp\/v2\/pages\/529\/revisions"}],"predecessor-version":[{"id":531,"href":"https:\/\/cultura.arqtgn.cat\/es\/wp-json\/wp\/v2\/pages\/529\/revisions\/531"}],"up":[{"embeddable":true,"href":"https:\/\/cultura.arqtgn.cat\/es\/wp-json\/wp\/v2\/pages\/524"}],"wp:attachment":[{"href":"https:\/\/cultura.arqtgn.cat\/es\/wp-json\/wp\/v2\/media?parent=529"}],"curies":[{"name":"wp","href":"https:\/\/api.w.org\/{rel}","templated":true}]}}